{"id":2405,"date":"2024-03-20T14:00:53","date_gmt":"2024-03-20T14:00:53","guid":{"rendered":"https:\/\/mecaniqueracine.ch\/?page_id=2405"},"modified":"2024-03-21T07:19:42","modified_gmt":"2024-03-21T07:19:42","slug":"datenschutz-impressum","status":"publish","type":"page","link":"https:\/\/mecaniqueracine.ch\/de\/datenschutz-impressum\/","title":{"rendered":"Datenschutz\/Impressum"},"content":{"rendered":"<p>[et_pb_section fb_built=&#8220;1&#8243; custom_padding_last_edited=&#8220;on|phone&#8220; _builder_version=&#8220;4.16&#8243; _module_preset=&#8220;default&#8220; background_color_gradient_start=&#8220;rgba(255,255,255,0.68)&#8220; background_color_gradient_end=&#8220;rgba(255,255,255,0)&#8220; background_image=&#8220;https:\/\/mecaniqueracine.ch\/wp-content\/uploads\/2022\/03\/photo-batiment.jpg&#8220; custom_padding=&#8220;300px||300px||true|false&#8220; custom_padding_tablet=&#8220;200px||200px||true|false&#8220; custom_padding_phone=&#8220;150px||150px||true|false&#8220; background_last_edited=&#8220;off|desktop&#8220; use_background_color_gradient_tablet=&#8220;on&#8220; use_background_color_gradient_phone=&#8220;on&#8220; background_color_gradient_stops_tablet=&#8220;rgba(255,255,255,0.68) 0%|rgba(255,255,255,0) 100%&#8220; background_color_gradient_stops_phone=&#8220;rgba(255,255,255,0.68) 0%|rgba(255,255,255,0) 100%&#8220; background_color_gradient_end_tablet=&#8220;rgba(255,255,255,0)&#8220; background_color_gradient_end_phone=&#8220;rgba(255,255,255,0)&#8220; global_colors_info=&#8220;{}&#8220;][\/et_pb_section][et_pb_section fb_built=&#8220;1&#8243; _builder_version=&#8220;4.16&#8243; _module_preset=&#8220;default&#8220; custom_padding=&#8220;||||false|false&#8220; global_colors_info=&#8220;{}&#8220;][et_pb_row use_custom_gutter=&#8220;on&#8220; make_equal=&#8220;on&#8220; _builder_version=&#8220;4.16&#8243; _module_preset=&#8220;default&#8220; max_width=&#8220;1140px&#8220; global_colors_info=&#8220;{}&#8220;][et_pb_column type=&#8220;4_4&#8243; _builder_version=&#8220;4.16&#8243; _module_preset=&#8220;default&#8220; global_colors_info=&#8220;{}&#8220;][et_pb_text _builder_version=&#8220;4.23.1&#8243; _module_preset=&#8220;default&#8220; header_font=&#8220;Montserrat||||||||&#8220; header_text_color=&#8220;#000000&#8243; header_font_size=&#8220;35px&#8220; header_2_font=&#8220;Montserrat||||||||&#8220; header_2_text_color=&#8220;#000000&#8243; header_2_font_size=&#8220;60px&#8220; custom_margin=&#8220;||10px||false|false&#8220; custom_padding=&#8220;1px|||||&#8220; header_2_font_size_tablet=&#8220;60px&#8220; header_2_font_size_phone=&#8220;44px&#8220; header_2_font_size_last_edited=&#8220;on|phone&#8220; global_colors_info=&#8220;{}&#8220;]<\/p>\n<h1><strong>Impressum<\/strong><\/h1>\n<p>[\/et_pb_text][et_pb_text _builder_version=&#8220;4.23.1&#8243; _module_preset=&#8220;default&#8220; global_colors_info=&#8220;{}&#8220;]<\/p>\n<h5 class=\"tabDiv pR dblClk smartPromptEl smartPromptBefore \" data-params=\"{&quot;isUniqueField&quot;:&quot;false&quot;,&quot;mandate&quot;:&quot;true&quot;,&quot;customfield&quot;:&quot;false&quot;,&quot;maxlength&quot;:&quot;200&quot;,&quot;displaylabel&quot;:&quot;Firmaname&quot;,&quot;sysRefName&quot;:&quot;Account_Name&quot;,&quot;decimalLength&quot;:&quot;2&quot;,&quot;defaultvalue&quot;:&quot;Centre Agrom\u00e9canique Marc Racine S\u00e0rl&quot;,&quot;refered_from_fieldid&quot;:&quot;&quot;,&quot;showtype&quot;:&quot;7&quot;,&quot;uitype&quot;:&quot;1&quot;,&quot;label&quot;:&quot;Account Name&quot;,&quot;type&quot;:&quot;Text&quot;,&quot;separator&quot;:false,&quot;colname&quot;:&quot;ACCOUNTNAME&quot;,&quot;isaggrfield&quot;:&quot;false&quot;,&quot;readonly&quot;:&quot;false&quot;,&quot;isQcreate&quot;:&quot;true&quot;,&quot;isSystemMandate&quot;:&quot;true&quot;,&quot;dependent_lookup_fieldid&quot;:&quot;&quot;,&quot;isExternalField&quot;:false,&quot;isEncField&quot;:&quot;false&quot;,&quot;issubformfield&quot;:&quot;false&quot;,&quot;fieldid&quot;:&quot;81771000000000385&quot;,&quot;layout&quot;:&quot;2&quot;,&quot;module&quot;:&quot;Accounts&quot;,&quot;zcqaId&quot;:&quot;value_ACCOUNTNAME&quot;}\" id=\"mouseArea__ACCOUNTNAME\" onmouseover=\"detailView.mouseover(this)\" onmouseout=\"hide('crmspanid')\">Centre Agrom\u00e9canique Marc Racine S\u00e0rl<\/h5>\n<h5 class=\"tabDiv pR dblClk smartPromptEl smartPromptBefore \" data-params=\"{&quot;isUniqueField&quot;:&quot;false&quot;,&quot;mandate&quot;:&quot;true&quot;,&quot;customfield&quot;:&quot;false&quot;,&quot;maxlength&quot;:&quot;200&quot;,&quot;displaylabel&quot;:&quot;Firmaname&quot;,&quot;sysRefName&quot;:&quot;Account_Name&quot;,&quot;decimalLength&quot;:&quot;2&quot;,&quot;defaultvalue&quot;:&quot;Centre Agrom\u00e9canique Marc Racine S\u00e0rl&quot;,&quot;refered_from_fieldid&quot;:&quot;&quot;,&quot;showtype&quot;:&quot;7&quot;,&quot;uitype&quot;:&quot;1&quot;,&quot;label&quot;:&quot;Account Name&quot;,&quot;type&quot;:&quot;Text&quot;,&quot;separator&quot;:false,&quot;colname&quot;:&quot;ACCOUNTNAME&quot;,&quot;isaggrfield&quot;:&quot;false&quot;,&quot;readonly&quot;:&quot;false&quot;,&quot;isQcreate&quot;:&quot;true&quot;,&quot;isSystemMandate&quot;:&quot;true&quot;,&quot;dependent_lookup_fieldid&quot;:&quot;&quot;,&quot;isExternalField&quot;:false,&quot;isEncField&quot;:&quot;false&quot;,&quot;issubformfield&quot;:&quot;false&quot;,&quot;fieldid&quot;:&quot;81771000000000385&quot;,&quot;layout&quot;:&quot;2&quot;,&quot;module&quot;:&quot;Accounts&quot;,&quot;zcqaId&quot;:&quot;value_ACCOUNTNAME&quot;}\" onmouseover=\"detailView.mouseover(this)\" onmouseout=\"hide('crmspanid')\">Rue des Pr\u00e9s Bugnons 10<\/h5>\n<h5 class=\"tabDiv pR dblClk smartPromptEl smartPromptBefore \" data-params=\"{&quot;isUniqueField&quot;:&quot;false&quot;,&quot;mandate&quot;:&quot;true&quot;,&quot;customfield&quot;:&quot;false&quot;,&quot;maxlength&quot;:&quot;200&quot;,&quot;displaylabel&quot;:&quot;Firmaname&quot;,&quot;sysRefName&quot;:&quot;Account_Name&quot;,&quot;decimalLength&quot;:&quot;2&quot;,&quot;defaultvalue&quot;:&quot;Centre Agrom\u00e9canique Marc Racine S\u00e0rl&quot;,&quot;refered_from_fieldid&quot;:&quot;&quot;,&quot;showtype&quot;:&quot;7&quot;,&quot;uitype&quot;:&quot;1&quot;,&quot;label&quot;:&quot;Account Name&quot;,&quot;type&quot;:&quot;Text&quot;,&quot;separator&quot;:false,&quot;colname&quot;:&quot;ACCOUNTNAME&quot;,&quot;isaggrfield&quot;:&quot;false&quot;,&quot;readonly&quot;:&quot;false&quot;,&quot;isQcreate&quot;:&quot;true&quot;,&quot;isSystemMandate&quot;:&quot;true&quot;,&quot;dependent_lookup_fieldid&quot;:&quot;&quot;,&quot;isExternalField&quot;:false,&quot;isEncField&quot;:&quot;false&quot;,&quot;issubformfield&quot;:&quot;false&quot;,&quot;fieldid&quot;:&quot;81771000000000385&quot;,&quot;layout&quot;:&quot;2&quot;,&quot;module&quot;:&quot;Accounts&quot;,&quot;zcqaId&quot;:&quot;value_ACCOUNTNAME&quot;}\" onmouseover=\"detailView.mouseover(this)\" onmouseout=\"hide('crmspanid')\">2525 le Landeron<\/h5>\n<p>[\/et_pb_text][et_pb_text _builder_version=&#8220;4.23.1&#8243; _module_preset=&#8220;default&#8220; global_colors_info=&#8220;{}&#8220;]<\/p>\n<h1><strong>Datenschutz<\/strong><\/h1>\n<p>[\/et_pb_text][et_pb_text _builder_version=&#8220;4.23.1&#8243; _module_preset=&#8220;default&#8220; global_colors_info=&#8220;{}&#8220;]<\/p>\n<p>Kontaktadresse<br \/>Centre Agrom\u00e9canique Marc Racine S\u00e0rl<br \/>rue des Pr\u00e9s Bugnons 10<br \/>2525 Le Landeron<br \/>Telefon: +41 32 751 21 57<br \/>E-Mail: <a href=\"mailto:meganeracine@bluewin.ch\">meganeracine@bluewin.ch<\/a><\/p>\n<p>Haftungsausschluss<\/p>\n<p>Der Autor \u00fcbernimmt keinerlei Gew\u00e4hr hinsichtlich der inhaltlichen Richtigkeit, Genauigkeit, Aktualit\u00e4t, Zuverl\u00e4ssigkeit und Vollst\u00e4ndigkeit der Informationen.<\/p>\n<p>Haftungsanspr\u00fcche gegen den Autor wegen Sch\u00e4den materieller oder immaterieller Art, welche aus dem Zugriff oder der Nutzung bzw. Nichtnutzung der ver\u00f6ffentlichten Informationen, durch Missbrauch der Verbindung oder durch technische St\u00f6rungen entstanden sind, werden ausgeschlossen.<\/p>\n<p>Alle Angebote sind unverbindlich. Der Autor beh\u00e4lt es sich ausdr\u00fccklich vor, Teile der Seiten oder das gesamte Angebot ohne gesonderte Ank\u00fcndigung zu ver\u00e4ndern, zu erg\u00e4nzen, zu l\u00f6schen oder die Ver\u00f6ffentlichung zeitweise oder endg\u00fcltig einzustellen.<\/p>\n<p>Haftung f\u00fcr Links<\/p>\n<p>Verweise und Links auf Webseiten Dritter liegen ausserhalb unseres Verantwortungsbereichs Es wird jegliche Verantwortung f\u00fcr solche Webseiten abgelehnt. Der Zugriff und die Nutzung solcher Webseiten erfolgen auf eigene Gefahr des Nutzers oder der Nutzerin.<\/p>\n<p>Urheberrechte<\/p>\n<p>Die Urheber- und alle anderen Rechte an Inhalten, Bildern, Fotos oder anderen Dateien auf der Website geh\u00f6ren ausschliesslich der Firma Centre Agrom\u00e9canique Marc Racine S\u00e0rl\u00a0oder den speziell genannten Rechtsinhabern. F\u00fcr die Reproduktion jeglicher Elemente ist die schriftliche Zustimmung der Urheberrechtstr\u00e4ger im Voraus einzuholen.<\/p>\n<p>[\/et_pb_text][\/et_pb_column][\/et_pb_row][\/et_pb_section]<\/p>\n","protected":false},"excerpt":{"rendered":"<p>ImpressumCentre Agrom\u00e9canique Marc Racine S\u00e0rl Rue des Pr\u00e9s Bugnons 10 2525 le LanderonDatenschutzKontaktadresseCentre Agrom\u00e9canique Marc Racine S\u00e0rlrue des Pr\u00e9s Bugnons 102525 Le LanderonTelefon: +41 32 751 21 57E-Mail: meganeracine@bluewin.ch Haftungsausschluss Der Autor \u00fcbernimmt keinerlei Gew\u00e4hr hinsichtlich der inhaltlichen Richtigkeit, Genauigkeit, Aktualit\u00e4t, Zuverl\u00e4ssigkeit und Vollst\u00e4ndigkeit der Informationen. Haftungsanspr\u00fcche gegen den Autor wegen Sch\u00e4den materieller oder immaterieller Art, welche aus dem Zugriff oder der Nutzung bzw. Nichtnutzung der ver\u00f6ffentlichten Informationen, durch Missbrauch der Verbindung oder durch technische St\u00f6rungen entstanden sind, werden ausgeschlossen. Alle Angebote sind unverbindlich. Der Autor beh\u00e4lt es sich ausdr\u00fccklich vor, Teile der Seiten oder das gesamte Angebot ohne gesonderte Ank\u00fcndigung zu ver\u00e4ndern, zu erg\u00e4nzen, zu l\u00f6schen oder die Ver\u00f6ffentlichung zeitweise oder endg\u00fcltig einzustellen. Haftung f\u00fcr Links Verweise und Links auf Webseiten Dritter liegen ausserhalb unseres Verantwortungsbereichs Es wird jegliche Verantwortung f\u00fcr solche Webseiten abgelehnt. Der Zugriff und die Nutzung solcher Webseiten erfolgen auf eigene Gefahr des Nutzers oder der Nutzerin. Urheberrechte Die Urheber- und alle anderen Rechte an Inhalten, Bildern, Fotos oder anderen Dateien auf der Website geh\u00f6ren ausschliesslich der Firma Centre Agrom\u00e9canique Marc Racine S\u00e0rl\u00a0oder den speziell genannten Rechtsinhabern. F\u00fcr die Reproduktion jeglicher Elemente ist die schriftliche Zustimmung der Urheberrechtstr\u00e4ger im Voraus einzuholen.<\/p>\n","protected":false},"author":1,"featured_media":0,"parent":0,"menu_order":0,"comment_status":"closed","ping_status":"closed","template":"","meta":{"_et_pb_use_builder":"on","_et_pb_old_content":"","_et_gb_content_width":"","footnotes":""},"class_list":["post-2405","page","type-page","status-publish","hentry"],"yoast_head":"<!-- This site is optimized with the Yoast SEO plugin v27.4 - https:\/\/yoast.com\/product\/yoast-seo-wordpress\/ -->\n<title>Datenschutz\/Impressum - Agromechanisches Zentrum Racine in Le Landeron<\/title>\n<meta name=\"description\" content=\"Das Centre agrom\u00e9canique Racine befindet sich im Dorf Le Landeron und bietet seit 1934 Privatpersonen und Gewerbetreibenden seine Dienste an.\" \/>\n<meta name=\"robots\" content=\"index, follow, max-snippet:-1, max-image-preview:large, max-video-preview:-1\" \/>\n<link rel=\"canonical\" href=\"https:\/\/mecaniqueracine.ch\/protection-des-donnees-mentions-legales\/\" \/>\n<meta property=\"og:locale\" content=\"de_DE\" \/>\n<meta property=\"og:type\" content=\"article\" \/>\n<meta property=\"og:title\" content=\"Datenschutz\/Impressum - Agromechanisches Zentrum Racine in Le Landeron\" \/>\n<meta property=\"og:description\" content=\"Das Centre agrom\u00e9canique Racine befindet sich im Dorf Le Landeron und bietet seit 1934 Privatpersonen und Gewerbetreibenden seine Dienste an.\" \/>\n<meta property=\"og:url\" content=\"https:\/\/mecaniqueracine.ch\/protection-des-donnees-mentions-legales\/\" \/>\n<meta property=\"og:site_name\" content=\"Agromechanisches Zentrum Racine\" \/>\n<meta property=\"article:modified_time\" content=\"2024-03-21T07:19:42+00:00\" \/>\n<meta name=\"twitter:card\" content=\"summary_large_image\" \/>\n<meta name=\"twitter:label1\" content=\"Gesch\u00e4tzte Lesezeit\" \/>\n\t<meta name=\"twitter:data1\" content=\"2\u00a0Minuten\" \/>\n<script type=\"application\/ld+json\" class=\"yoast-schema-graph\">{\"@context\":\"https:\\\/\\\/schema.org\",\"@graph\":[{\"@type\":\"WebPage\",\"@id\":\"https:\\\/\\\/mecaniqueracine.ch\\\/protection-des-donnees-mentions-legales\\\/\",\"url\":\"https:\\\/\\\/mecaniqueracine.ch\\\/protection-des-donnees-mentions-legales\\\/\",\"name\":\"Datenschutz\\\/Impressum - Agromechanisches Zentrum Racine in Le Landeron\",\"isPartOf\":{\"@id\":\"https:\\\/\\\/mecaniqueracine.ch\\\/#website\"},\"datePublished\":\"2024-03-20T14:00:53+00:00\",\"dateModified\":\"2024-03-21T07:19:42+00:00\",\"description\":\"Das Centre agrom\u00e9canique Racine befindet sich im Dorf Le Landeron und bietet seit 1934 Privatpersonen und Gewerbetreibenden seine Dienste an.\",\"breadcrumb\":{\"@id\":\"https:\\\/\\\/mecaniqueracine.ch\\\/protection-des-donnees-mentions-legales\\\/#breadcrumb\"},\"inLanguage\":\"de\",\"potentialAction\":[{\"@type\":\"ReadAction\",\"target\":[\"https:\\\/\\\/mecaniqueracine.ch\\\/protection-des-donnees-mentions-legales\\\/\"]}]},{\"@type\":\"BreadcrumbList\",\"@id\":\"https:\\\/\\\/mecaniqueracine.ch\\\/protection-des-donnees-mentions-legales\\\/#breadcrumb\",\"itemListElement\":[{\"@type\":\"ListItem\",\"position\":1,\"name\":\"Accueil\",\"item\":\"https:\\\/\\\/mecaniqueracine.ch\\\/de\\\/\"},{\"@type\":\"ListItem\",\"position\":2,\"name\":\"Datenschutz\\\/Impressum\"}]},{\"@type\":\"WebSite\",\"@id\":\"https:\\\/\\\/mecaniqueracine.ch\\\/#website\",\"url\":\"https:\\\/\\\/mecaniqueracine.ch\\\/\",\"name\":\"Agromechanisches Zentrum Racine\",\"description\":\"Just another WordPress site\",\"potentialAction\":[{\"@type\":\"SearchAction\",\"target\":{\"@type\":\"EntryPoint\",\"urlTemplate\":\"https:\\\/\\\/mecaniqueracine.ch\\\/?s={search_term_string}\"},\"query-input\":{\"@type\":\"PropertyValueSpecification\",\"valueRequired\":true,\"valueName\":\"search_term_string\"}}],\"inLanguage\":\"de\"}]}<\/script>\n<!-- \/ Yoast SEO plugin. -->","yoast_head_json":{"title":"Datenschutz\/Impressum - Agromechanisches Zentrum Racine in Le Landeron","description":"Das Centre agrom\u00e9canique Racine befindet sich im Dorf Le Landeron und bietet seit 1934 Privatpersonen und Gewerbetreibenden seine Dienste an.","robots":{"index":"index","follow":"follow","max-snippet":"max-snippet:-1","max-image-preview":"max-image-preview:large","max-video-preview":"max-video-preview:-1"},"canonical":"https:\/\/mecaniqueracine.ch\/protection-des-donnees-mentions-legales\/","og_locale":"de_DE","og_type":"article","og_title":"Datenschutz\/Impressum - Agromechanisches Zentrum Racine in Le Landeron","og_description":"Das Centre agrom\u00e9canique Racine befindet sich im Dorf Le Landeron und bietet seit 1934 Privatpersonen und Gewerbetreibenden seine Dienste an.","og_url":"https:\/\/mecaniqueracine.ch\/protection-des-donnees-mentions-legales\/","og_site_name":"Agromechanisches Zentrum Racine","article_modified_time":"2024-03-21T07:19:42+00:00","twitter_card":"summary_large_image","twitter_misc":{"Gesch\u00e4tzte Lesezeit":"2\u00a0Minuten"},"schema":{"@context":"https:\/\/schema.org","@graph":[{"@type":"WebPage","@id":"https:\/\/mecaniqueracine.ch\/protection-des-donnees-mentions-legales\/","url":"https:\/\/mecaniqueracine.ch\/protection-des-donnees-mentions-legales\/","name":"Datenschutz\/Impressum - Agromechanisches Zentrum Racine in Le Landeron","isPartOf":{"@id":"https:\/\/mecaniqueracine.ch\/#website"},"datePublished":"2024-03-20T14:00:53+00:00","dateModified":"2024-03-21T07:19:42+00:00","description":"Das Centre agrom\u00e9canique Racine befindet sich im Dorf Le Landeron und bietet seit 1934 Privatpersonen und Gewerbetreibenden seine Dienste an.","breadcrumb":{"@id":"https:\/\/mecaniqueracine.ch\/protection-des-donnees-mentions-legales\/#breadcrumb"},"inLanguage":"de","potentialAction":[{"@type":"ReadAction","target":["https:\/\/mecaniqueracine.ch\/protection-des-donnees-mentions-legales\/"]}]},{"@type":"BreadcrumbList","@id":"https:\/\/mecaniqueracine.ch\/protection-des-donnees-mentions-legales\/#breadcrumb","itemListElement":[{"@type":"ListItem","position":1,"name":"Accueil","item":"https:\/\/mecaniqueracine.ch\/de\/"},{"@type":"ListItem","position":2,"name":"Datenschutz\/Impressum"}]},{"@type":"WebSite","@id":"https:\/\/mecaniqueracine.ch\/#website","url":"https:\/\/mecaniqueracine.ch\/","name":"Agromechanisches Zentrum Racine","description":"Just another WordPress site","potentialAction":[{"@type":"SearchAction","target":{"@type":"EntryPoint","urlTemplate":"https:\/\/mecaniqueracine.ch\/?s={search_term_string}"},"query-input":{"@type":"PropertyValueSpecification","valueRequired":true,"valueName":"search_term_string"}}],"inLanguage":"de"}]}},"_links":{"self":[{"href":"https:\/\/mecaniqueracine.ch\/de\/wp-json\/wp\/v2\/pages\/2405","targetHints":{"allow":["GET"]}}],"collection":[{"href":"https:\/\/mecaniqueracine.ch\/de\/wp-json\/wp\/v2\/pages"}],"about":[{"href":"https:\/\/mecaniqueracine.ch\/de\/wp-json\/wp\/v2\/types\/page"}],"author":[{"embeddable":true,"href":"https:\/\/mecaniqueracine.ch\/de\/wp-json\/wp\/v2\/users\/1"}],"replies":[{"embeddable":true,"href":"https:\/\/mecaniqueracine.ch\/de\/wp-json\/wp\/v2\/comments?post=2405"}],"version-history":[{"count":0,"href":"https:\/\/mecaniqueracine.ch\/de\/wp-json\/wp\/v2\/pages\/2405\/revisions"}],"wp:attachment":[{"href":"https:\/\/mecaniqueracine.ch\/de\/wp-json\/wp\/v2\/media?parent=2405"}],"curies":[{"name":"wp","href":"https:\/\/api.w.org\/{rel}","templated":true}]}}